{"id":8736,"date":"2025-04-10T15:46:46","date_gmt":"2025-04-10T13:46:46","guid":{"rendered":"https:\/\/www.camping-var-tomasses.fr\/location-chalet-v\/"},"modified":"2025-04-10T15:57:21","modified_gmt":"2025-04-10T13:57:21","slug":"standort-chalet-var","status":"publish","type":"page","link":"https:\/\/www.camping-var-tomasses.fr\/de\/standort-chalet-var\/","title":{"rendered":"H\u00e9bergement : Nos Chalets"},"content":{"rendered":"<section id=\"section-60506e6b8641a\"\" class=\"section titre-interne bg-white p-b-0\" \/><div class=\"container extralarge\"><h1 class=\"element section-title center\">Mieten Sie ein Chalet in Var<\/h1><\/div><\/section>\n\n<section id=\"section-60506e6b86538\"\" class=\"section bg-white p-t-0 p-b-0\" \/><div class=\"container extralarge\"><div class=\"element bloc-text center \">\n\t<p>Sie suchen ein <strong class=\"bold color2\">Chalet im Departement Var <\/strong>f\u00fcr einen Campingurlaub in der N\u00e4he des Meeres in einer famili\u00e4ren Atmosph\u00e4re?<\/p>\n<p>Unser <a href=\"\/\">Campingplatz im Departement Var<\/a> bietet Ihnen drei<strong> verschiedene Arten von Chalets mit allem Komfort<\/strong>, die sich ideal f\u00fcr Familien und Gruppen von Freunden eignen.<\/p>\n<\/div><\/div><\/section>\n\n<section id=\"section-listing\"\" class=\"section bg-white p-t-0\" \/><div class=\"container extralarge\"><div class=\"filtres\"><\/div><ul class=\"liste-de-page hebergements\"><div class=\"row scroll-x-mobile\"><li class=\"element hebergement call-to-action call-to-action--style-2   anzahl-der-rume-2 anzahl-der-personen-24 bereich-21\" id=\"138188\"><div class=\"hebergement_link\" id=\"8689\"><div class=\"call-to-action_image\"><img decoding=\"async\" src=\"https:\/\/www.camping-var-tomasses.fr\/wp-content\/uploads\/2025\/04\/amandier.webp\" data-src=\"https:\/\/www.camping-var-tomasses.fr\/wp-content\/uploads\/2025\/04\/amandier.webp\" alt=\"\" class=\"\"  loading=\"lazy\"\/><\/div><div class=\"call-to-action_contenu\"><div class=\"call-to-action_titre\">Chalet Confort l&#8217;Amandier + Terrass<\/div><\/div><div class=\"hebergement-attributs\"><span class=\"attribut anzahl-der-rume\">2 <\/span><span class=\"attribut anzahl-der-personen\">2\/4 <\/span><span class=\"attribut bereich\">21m\u00b2<\/span><\/div><\/div><\/li><li class=\"element hebergement call-to-action call-to-action--style-2   anzahl-der-rume-2 anzahl-der-personen-45 bereich-28\" id=\"138192\"><div class=\"hebergement_link\" id=\"8701\"><div class=\"call-to-action_image\"><img decoding=\"async\" src=\"https:\/\/www.camping-var-tomasses.fr\/wp-content\/uploads\/2025\/04\/jasmin.jpg\" data-src=\"https:\/\/www.camping-var-tomasses.fr\/wp-content\/uploads\/2025\/04\/jasmin.jpg\" alt=\"\" class=\"\"  loading=\"lazy\"\/><\/div><div class=\"call-to-action_contenu\"><div class=\"call-to-action_titre\">Chalet Confort Jasmin + Terrasse<\/div><\/div><div class=\"hebergement-attributs\"><span class=\"attribut anzahl-der-rume\">2 <\/span><span class=\"attribut anzahl-der-personen\">4\/5 <\/span><span class=\"attribut bereich\">28m\u00b2<\/span><\/div><\/div><\/li><li class=\"element hebergement call-to-action call-to-action--style-2   anzahl-der-rume-2 anzahl-der-personen-5 bereich-275\" id=\"138194\"><div class=\"hebergement_link\" id=\"8713\"><div class=\"call-to-action_image\"><img decoding=\"async\" src=\"https:\/\/www.camping-var-tomasses.fr\/wp-content\/uploads\/2025\/04\/mimosa.jpg\" data-src=\"https:\/\/www.camping-var-tomasses.fr\/wp-content\/uploads\/2025\/04\/mimosa.jpg\" alt=\"\" class=\"\"  loading=\"lazy\"\/><\/div><div class=\"call-to-action_contenu\"><div class=\"call-to-action_titre\">Chalet Confort Mimosa + Terrasse + lokales Angebo<\/div><\/div><div class=\"hebergement-attributs\"><span class=\"attribut anzahl-der-rume\">2 <\/span><span class=\"attribut anzahl-der-personen\">5 <\/span><span class=\"attribut bereich\">27.5m\u00b2<\/span><\/div><\/div><\/li><\/div><\/ul><\/div><\/section>\n\n<section id=\"section-605067bcbc72a\"\" class=\"section bg-white p-t-0 p-b-0\" \/><div class=\"container full\"><div class=\"colonnes-wrap valign-middle \"><div class=\"element colonne p-0\"><div class=\"element images scroll-x-mobile\"><div class=\"image\"><img decoding=\"async\" src=\"https:\/\/www.camping-var-tomasses.fr\/wp-content\/uploads\/2021\/03\/camping-a-hyeres-100x66.jpg\" data-src=\"https:\/\/www.camping-var-tomasses.fr\/wp-content\/uploads\/2021\/03\/camping-a-hyeres.jpg\" alt=\"prix des mobil homes dans le Var\" class=\"images_image\"  loading=\"lazy\"\/><\/div><\/div><\/div><div class=\"element colonne p-x-6\"><h2 class=\"element section-title justify\">Wie viel kostet ein Aufenthalt auf unserem Campingplatz<\/h2><div class=\"element bloc-text justify \">\n\t<div><b>F\u00fcr Aufenthalte zwischen dem 1. April und dem 30. Juni und zwischen dem 01. September und dem 03. Oktober :<\/b><\/div>\n<ul>\n<li>Ab 289 \u20ac pro Woche im Chalet Amandier MIT Klimaanlage, TV und kostenlosem Wifi f\u00fcr 1 Ger\u00e4t.<\/li>\n<li>Ab 349 \u20ac pro Woche im Chalet Jasmin oder Mimosa MIT Klimaanlage, TV und kostenlosem Wifi f\u00fcr 1 Ger\u00e4t.<\/li>\n<\/ul>\n<\/div><\/div><\/div><\/div><\/section>\n\n<section id=\"section-60506e6b86724\"\" class=\"section bg-white p-t-0 p-b-0\" \/><div class=\"container full\"><div class=\"colonnes-wrap valign-middle \"><div class=\"element colonne p-x-6\"><h2 class=\"element section-title justify\">Komfortable Chalets im Va<\/h2><div class=\"element bloc-text justify \">\n\t<p>Unser 4-Sterne-Flower-Campingplatz ist ideal gelegen und nur <strong class=\"bold color2\">20 Minuten von den Sandstr\u00e4nden<\/strong> entfernt.<\/p>\n<p>Unsere <strong class=\"bold color2\">Chalets im Departement Var<\/strong> verf\u00fcgen \u00fcber 2 Schlafzimmer, eine Terrasse und ein Wohnzimmer mit K\u00fcchenzeile. Unsere <strong class=\"bold color2\">Chalets <\/strong>stehen auf schattigen oder halb-sonnigen Parzellen. Genie\u00dfen Sie die <strong class=\"bold color2\">nat\u00fcrliche Umgebung<\/strong> und die <strong class=\"bold color2\">gr\u00fcne Vegetation<\/strong>, um sich w\u00e4hrend Ihres Urlaubs auf unserem <a href=\"\/camping-la-farlede\/\">Campingplatz in der N\u00e4he von La Farl\u00e8de<\/a> unweit von Bandol oder auch Sanary-sur-mer zu erholen und neue Energie zu tanken.<\/p>\n<\/div><\/div><div class=\"element colonne p-0\"><div class=\"element images scroll-x-mobile\"><div class=\"image\"><img decoding=\"async\" src=\"https:\/\/www.camping-var-tomasses.fr\/wp-content\/uploads\/2025\/04\/mimosa-100x75.jpg\" data-src=\"https:\/\/www.camping-var-tomasses.fr\/wp-content\/uploads\/2025\/04\/mimosa.jpg\" alt=\"mobil home Var\" class=\"images_image\"  loading=\"lazy\"\/><\/div><\/div><\/div><\/div><div class=\"colonnes-wrap valign-middle \"><div class=\"element colonne p-0\"><div class=\"element images scroll-x-mobile\"><div class=\"image\"><img decoding=\"async\" src=\"https:\/\/www.camping-var-tomasses.fr\/wp-content\/uploads\/2025\/04\/amandier-100x75.webp\" data-src=\"https:\/\/www.camping-var-tomasses.fr\/wp-content\/uploads\/2025\/04\/amandier.webp\" alt=\"location mobil home nature var\" class=\"images_image\"  loading=\"lazy\"\/><\/div><\/div><\/div><div class=\"element colonne p-x-6\"><h2 class=\"element section-title justify m-t-4\">Chaletvermietungen f\u00fcr alle im Va<\/h2><div class=\"element bloc-text justify \">\n\t<p>Ob f\u00fcr einen <strong class=\"bold color2\">Urlaub zu zweit<\/strong>, <strong class=\"bold color2\">mit der Familie<\/strong> oder <strong class=\"bold color2\">mit Freunden<\/strong>. Ob Sie Ihre Unterkunft in Chalets f\u00fcr ein <a href=\"\/week-end-romantique-var\/\">romantisches Wochenende im Departement Var<\/a>, f\u00fcr eine Woche oder f\u00fcr 14 Tage buchen.<\/p>\n<div>Entdecken Sie unsere<b> Chalets, die f\u00fcr 1 bis maximal 5 Personen <\/b>(einschlie\u00dflich Baby)<b> geeignet <\/b> sind. Auf unserem Campingplatz sind Hunde erlaubt (nur 1 Tier pro Unterkunft, keine Einzeltiere im Mobilheim). Sie k\u00f6nnen sich auch f\u00fcr unsere <u><a id=\"m_-2159866390737490722OWA26f4a4da-e769-eec1-ef44-ad9ae7b2548d\" href=\"http:\/\/logement-insolite-var\/\" rel=\"noopener\" data-saferedirecturl=\"https:\/\/www.google.com\/url?q=http:\/\/\/logement-insolite-var\/&amp;source=gmail&amp;ust=1744353897537000&amp;usg=AOvVaw3fdlQabNYVzYcRRTC9FJYO\">ungew\u00f6hnlichen Unterk\u00fcnfte im Var<\/a><\/u> f\u00fcr einen atypischen Urlaub oder unsere Mobilheime entscheiden.<\/div>\n<div>Unsere Chalets sind alle mit Fernseher und WLAN (kostenlos f\u00fcr 1 Ger\u00e4t) ausgestattet, verf\u00fcgen \u00fcber 2 Schlafzimmer und ein Wohnzimmer mit K\u00fcchenzeile und hei\u00dfen Sie w\u00e4hrend Ihres Urlaubs in Frankreich f\u00fcr ein paar N\u00e4chte willkommen. Alle unsere Unterk\u00fcnfte bestehen aus einem Elternschlafzimmer mit einem Doppelbett und einem Kinderzimmer mit zwei Einzelbetten oder drei Einzelbetten. Die Zimmer sind mit Bettdecken, Kopfkissen und Plaids ausgestattet. Der Wohnbereich umfasst ein Wohnzimmer mit Sofa (au\u00dfer im Mandelbaum) und eine voll ausgestattete K\u00fcche. Die K\u00fcche verf\u00fcgt \u00fcber einen K\u00fchlschrank mit Gefrierfach, ein Cerankochfeld mit Abzugshaube, eine Mikrowelle, eine Tassimo-Kaffeemaschine, einen Besen und einen Wischmop, einen Tisch und St\u00fchle. Ein Badezimmer mit einer Dusche und einem Waschbecken. Und ein separates WC (au\u00dfer f\u00fcr Mandelbaum). Im Au\u00dfenbereich profitieren Sie von einer Holzterrasse mit Tisch und St\u00fchlen und einem Parkplatz f\u00fcr Ihr Fahrzeug vor Ihrer Unterkunft. Ihr Komfort ist unsere Priorit\u00e4t.<\/div>\n<\/div><\/div><\/div><\/div><\/section>\n\n<section id=\"section-60506e6b86896\"\" class=\"section bg-white p-t-0 p-b-0\" \/><div class=\"container full\"><div class=\"element images scroll-x-mobile\"><div class=\"image\"><img decoding=\"async\" src=\"https:\/\/www.camping-var-tomasses.fr\/wp-content\/uploads\/2025\/04\/chalet_terrasse-100x75.jpg\" data-src=\"https:\/\/www.camping-var-tomasses.fr\/wp-content\/uploads\/2025\/04\/chalet_terrasse.jpg\" alt=\"mobil home 2 chambres var\" class=\"images_image\"  loading=\"lazy\"\/><\/div><div class=\"image\"><img decoding=\"async\" src=\"https:\/\/www.camping-var-tomasses.fr\/wp-content\/uploads\/2025\/04\/chalet_terrasse-1-100x75.jpg\" data-src=\"https:\/\/www.camping-var-tomasses.fr\/wp-content\/uploads\/2025\/04\/chalet_terrasse-1.jpg\" alt=\"location mobil home terrasse var\" class=\"images_image\"  loading=\"lazy\"\/><\/div><div class=\"image\"><img decoding=\"async\" src=\"https:\/\/www.camping-var-tomasses.fr\/wp-content\/uploads\/2025\/04\/chalet_cuisine-100x75.jpg\" data-src=\"https:\/\/www.camping-var-tomasses.fr\/wp-content\/uploads\/2025\/04\/chalet_cuisine.jpg\" alt=\"mobil home avec cuisine \u00e9quip\u00e9e dans le var\" class=\"images_image\"  loading=\"lazy\"\/><\/div><div class=\"image\"><img decoding=\"async\" src=\"https:\/\/www.camping-var-tomasses.fr\/wp-content\/uploads\/2021\/03\/dejeuner-famille-100x74.jpg\" data-src=\"https:\/\/www.camping-var-tomasses.fr\/wp-content\/uploads\/2021\/03\/dejeuner-famille.jpg\" alt=\"location mobil home familial dans le Var\" class=\"images_image\"  loading=\"lazy\"\/><\/div><\/div><\/div><\/section>\n\n<section id=\"section-tout-savoir\"\" class=\"section bg-white p-t-0 p-b-0\" \/><div class=\"container full\"><div class=\"colonnes-wrap valign-middle \"><div class=\"element colonne p-0\"><div class=\"element images scroll-x-mobile\"><div class=\"image\"><img decoding=\"async\" src=\"https:\/\/www.camping-var-tomasses.fr\/wp-content\/uploads\/2025\/01\/20240703_161941-100x75.jpg\" data-src=\"https:\/\/www.camping-var-tomasses.fr\/wp-content\/uploads\/2025\/01\/20240703_161941-scaled.jpg\" alt=\"mobil-home var hyeres\" class=\"images_image\"  loading=\"lazy\"\/><\/div><\/div><\/div><div class=\"element colonne p-x-6\"><h2 class=\"element section-title justify\">Alles \u00fcber die Vermietung von Chalets im Departement Va<\/h2><div class=\"element bloc-text justify \">\n\t<p>Ihr <a href=\"\/petit-camping-sud-de-la-france\/\">kleiner Campingplatz in S\u00fcdfrankreich<\/a> bietet Ihnen bei der Buchung mehrere Optionen an.<\/p>\n<ul>\n<li>Ein<strong> Babyset<\/strong>, das aus einem Kinderbett, einem Hochstuhl und einer Badewanne besteht.<\/li>\n<li><strong>Bettw\u00e4sche<\/strong> <strong>und Handt\u00fccher<\/strong> aus 100% Baumwolle <strong>.<\/strong><\/li>\n<\/ul>\n<p>An- und Abreisetage je nach Zeitraum :<\/p>\n<ul>\n<li><strong class=\"bold color2\">Hochsaison<\/strong>: Mittwoch &#8211; Samstag &#8211; Sonntag (Juli und August).<\/li>\n<li><strong class=\"bold color2\">Ankunftszeit in der Hochsaison<\/strong>: 16:00 Uhr und Abreisezeit bis 10:00 Uhr.<\/li>\n<li><strong class=\"bold color2\">Nebensaison<\/strong>: T\u00e4glich (April, Mai, Juni und September).<\/li>\n<li><strong class=\"bold color2\">Ankunftszeit in der Nebensaison<\/strong>: 14.00 Uhr und Abreisezeit bis 12.00 Uhr.<\/li>\n<\/ul>\n<p>Z\u00f6gern Sie nicht l\u00e4nger und buchen Sie auf unserem Campingplatz mit der Familie oder Freunden und <strong class=\"bold color2\">teilen Sie unvergessliche Erinnerungen<\/strong> mit Ihren Lieben.<\/p>\n<\/div><\/div><\/div><\/div><\/section>\n\n<section id=\"section-60506e6b86fe6\"\" class=\"section bg-white\" \/><div class=\"container extralarge\"><h2 class=\"element section-title center\">Vacances en mobil-home dans le Var<\/h2><ul class=\"liste-de-page scroll-x-mobile\"><\/ul><\/div><\/section>","protected":false},"excerpt":{"rendered":"","protected":false},"author":1,"featured_media":0,"parent":0,"menu_order":0,"comment_status":"closed","ping_status":"closed","template":"","meta":{"_acf_changed":false,"footnotes":""},"class_list":["post-8736","page","type-page","status-publish","hentry"],"acf":[],"yoast_head":"<!-- This site is optimized with the Yoast SEO plugin v21.8.1 - https:\/\/yoast.com\/wordpress\/plugins\/seo\/ -->\n<title>Chalet mieten Var | Chalet zu vermieten in der N\u00e4he von Hy\u00e8res (83)<\/title>\n<meta name=\"description\" content=\"Auf dem Campingplatz Les Tomasses im Departement Var erwarten Sie moderne und gut ausgestattete Chalets f\u00fcr Ihren Traumurlaub. Buchen Sie jetzt Ihre Chaletmiete.\" \/>\n<meta name=\"robots\" content=\"index, follow, max-snippet:-1, max-image-preview:large, max-video-preview:-1\" \/>\n<link rel=\"canonical\" href=\"https:\/\/www.camping-var-tomasses.fr\/de\/standort-chalet-var\/\" \/>\n<meta property=\"og:locale\" content=\"de_DE\" \/>\n<meta property=\"og:type\" content=\"article\" \/>\n<meta property=\"og:title\" content=\"Chalet mieten Var | Chalet zu vermieten in der N\u00e4he von Hy\u00e8res (83)\" \/>\n<meta property=\"og:description\" content=\"Auf dem Campingplatz Les Tomasses im Departement Var erwarten Sie moderne und gut ausgestattete Chalets f\u00fcr Ihren Traumurlaub. Buchen Sie jetzt Ihre Chaletmiete.\" \/>\n<meta property=\"og:url\" content=\"https:\/\/www.camping-var-tomasses.fr\/de\/standort-chalet-var\/\" \/>\n<meta property=\"og:site_name\" content=\"Camping les Tomasses\" \/>\n<meta property=\"article:modified_time\" content=\"2025-04-10T13:57:21+00:00\" \/>\n<meta name=\"twitter:card\" content=\"summary_large_image\" \/>\n<script type=\"application\/ld+json\" class=\"yoast-schema-graph\">{\"@context\":\"https:\/\/schema.org\",\"@graph\":[{\"@type\":\"WebPage\",\"@id\":\"https:\/\/www.camping-var-tomasses.fr\/de\/standort-chalet-var\/\",\"url\":\"https:\/\/www.camping-var-tomasses.fr\/de\/standort-chalet-var\/\",\"name\":\"Chalet mieten Var | Chalet zu vermieten in der N\u00e4he von Hy\u00e8res (83)\",\"isPartOf\":{\"@id\":\"https:\/\/www.camping-var-tomasses.fr\/de\/#website\"},\"datePublished\":\"2025-04-10T13:46:46+00:00\",\"dateModified\":\"2025-04-10T13:57:21+00:00\",\"description\":\"Auf dem Campingplatz Les Tomasses im Departement Var erwarten Sie moderne und gut ausgestattete Chalets f\u00fcr Ihren Traumurlaub. Buchen Sie jetzt Ihre Chaletmiete.\",\"breadcrumb\":{\"@id\":\"https:\/\/www.camping-var-tomasses.fr\/de\/standort-chalet-var\/#breadcrumb\"},\"inLanguage\":\"de\",\"potentialAction\":[{\"@type\":\"ReadAction\",\"target\":[\"https:\/\/www.camping-var-tomasses.fr\/de\/standort-chalet-var\/\"]}]},{\"@type\":\"BreadcrumbList\",\"@id\":\"https:\/\/www.camping-var-tomasses.fr\/de\/standort-chalet-var\/#breadcrumb\",\"itemListElement\":[{\"@type\":\"ListItem\",\"position\":1,\"name\":\"Campingplatz Var\",\"item\":\"https:\/\/www.camping-var-tomasses.fr\/de\/\"},{\"@type\":\"ListItem\",\"position\":2,\"name\":\"Chalet Var\"}]},{\"@type\":\"WebSite\",\"@id\":\"https:\/\/www.camping-var-tomasses.fr\/de\/#website\",\"url\":\"https:\/\/www.camping-var-tomasses.fr\/de\/\",\"name\":\"Camping les Tomasses\",\"description\":\"\",\"potentialAction\":[{\"@type\":\"SearchAction\",\"target\":{\"@type\":\"EntryPoint\",\"urlTemplate\":\"https:\/\/www.camping-var-tomasses.fr\/de\/?s={search_term_string}\"},\"query-input\":\"required name=search_term_string\"}],\"inLanguage\":\"de\"}]}<\/script>\n<!-- \/ Yoast SEO plugin. -->","yoast_head_json":{"title":"Chalet mieten Var | Chalet zu vermieten in der N\u00e4he von Hy\u00e8res (83)","description":"Auf dem Campingplatz Les Tomasses im Departement Var erwarten Sie moderne und gut ausgestattete Chalets f\u00fcr Ihren Traumurlaub. Buchen Sie jetzt Ihre Chaletmiete.","robots":{"index":"index","follow":"follow","max-snippet":"max-snippet:-1","max-image-preview":"max-image-preview:large","max-video-preview":"max-video-preview:-1"},"canonical":"https:\/\/www.camping-var-tomasses.fr\/de\/standort-chalet-var\/","og_locale":"de_DE","og_type":"article","og_title":"Chalet mieten Var | Chalet zu vermieten in der N\u00e4he von Hy\u00e8res (83)","og_description":"Auf dem Campingplatz Les Tomasses im Departement Var erwarten Sie moderne und gut ausgestattete Chalets f\u00fcr Ihren Traumurlaub. Buchen Sie jetzt Ihre Chaletmiete.","og_url":"https:\/\/www.camping-var-tomasses.fr\/de\/standort-chalet-var\/","og_site_name":"Camping les Tomasses","article_modified_time":"2025-04-10T13:57:21+00:00","twitter_card":"summary_large_image","schema":{"@context":"https:\/\/schema.org","@graph":[{"@type":"WebPage","@id":"https:\/\/www.camping-var-tomasses.fr\/de\/standort-chalet-var\/","url":"https:\/\/www.camping-var-tomasses.fr\/de\/standort-chalet-var\/","name":"Chalet mieten Var | Chalet zu vermieten in der N\u00e4he von Hy\u00e8res (83)","isPartOf":{"@id":"https:\/\/www.camping-var-tomasses.fr\/de\/#website"},"datePublished":"2025-04-10T13:46:46+00:00","dateModified":"2025-04-10T13:57:21+00:00","description":"Auf dem Campingplatz Les Tomasses im Departement Var erwarten Sie moderne und gut ausgestattete Chalets f\u00fcr Ihren Traumurlaub. Buchen Sie jetzt Ihre Chaletmiete.","breadcrumb":{"@id":"https:\/\/www.camping-var-tomasses.fr\/de\/standort-chalet-var\/#breadcrumb"},"inLanguage":"de","potentialAction":[{"@type":"ReadAction","target":["https:\/\/www.camping-var-tomasses.fr\/de\/standort-chalet-var\/"]}]},{"@type":"BreadcrumbList","@id":"https:\/\/www.camping-var-tomasses.fr\/de\/standort-chalet-var\/#breadcrumb","itemListElement":[{"@type":"ListItem","position":1,"name":"Campingplatz Var","item":"https:\/\/www.camping-var-tomasses.fr\/de\/"},{"@type":"ListItem","position":2,"name":"Chalet Var"}]},{"@type":"WebSite","@id":"https:\/\/www.camping-var-tomasses.fr\/de\/#website","url":"https:\/\/www.camping-var-tomasses.fr\/de\/","name":"Camping les Tomasses","description":"","potentialAction":[{"@type":"SearchAction","target":{"@type":"EntryPoint","urlTemplate":"https:\/\/www.camping-var-tomasses.fr\/de\/?s={search_term_string}"},"query-input":"required name=search_term_string"}],"inLanguage":"de"}]}},"_links":{"self":[{"href":"https:\/\/www.camping-var-tomasses.fr\/de\/wp-json\/wp\/v2\/pages\/8736","targetHints":{"allow":["GET"]}}],"collection":[{"href":"https:\/\/www.camping-var-tomasses.fr\/de\/wp-json\/wp\/v2\/pages"}],"about":[{"href":"https:\/\/www.camping-var-tomasses.fr\/de\/wp-json\/wp\/v2\/types\/page"}],"author":[{"embeddable":true,"href":"https:\/\/www.camping-var-tomasses.fr\/de\/wp-json\/wp\/v2\/users\/1"}],"replies":[{"embeddable":true,"href":"https:\/\/www.camping-var-tomasses.fr\/de\/wp-json\/wp\/v2\/comments?post=8736"}],"version-history":[{"count":2,"href":"https:\/\/www.camping-var-tomasses.fr\/de\/wp-json\/wp\/v2\/pages\/8736\/revisions"}],"predecessor-version":[{"id":8745,"href":"https:\/\/www.camping-var-tomasses.fr\/de\/wp-json\/wp\/v2\/pages\/8736\/revisions\/8745"}],"wp:attachment":[{"href":"https:\/\/www.camping-var-tomasses.fr\/de\/wp-json\/wp\/v2\/media?parent=8736"}],"curies":[{"name":"wp","href":"https:\/\/api.w.org\/{rel}","templated":true}]}}